{"id":911,"date":"2024-08-08T20:50:17","date_gmt":"2024-08-08T20:50:17","guid":{"rendered":"https:\/\/morales.ec\/new\/?page_id=911"},"modified":"2024-08-08T20:50:17","modified_gmt":"2024-08-08T20:50:17","slug":"ab-maria-jose-andrade-us","status":"publish","type":"page","link":"https:\/\/morales.ec\/new\/ab-maria-jose-andrade-us\/","title":{"rendered":"Ab. Mar\u00eda Jos\u00e9 Andrade \/us"},"content":{"rendered":"\t\t<div data-elementor-type=\"wp-page\" data-elementor-id=\"911\" class=\"elementor elementor-911\" data-elementor-post-type=\"page\">\n\t\t\t\t\t\t\t<div class=\"elementor-element elementor-element-0d59c87 e-flex e-con-boxed e-con e-parent\" data-id=\"0d59c87\" data-element_type=\"container\" data-settings=\"{&quot;content_width&quot;:&quot;boxed&quot;}\" data-core-v316-plus=\"true\">\n\t\t\t\t\t<div class=\"e-con-inner\">\n\t\t<div class=\"elementor-element elementor-element-4240928 e-con-full e-flex e-con e-child\" data-id=\"4240928\" data-element_type=\"container\" data-settings=\"{&quot;content_width&quot;:&quot;full&quot;}\">\n\t\t\t\t<div class=\"elementor-element elementor-element-cb043cf elementor-widget elementor-widget-image\" data-id=\"cb043cf\" data-element_type=\"widget\" data-settings=\"{&quot;motion_fx_motion_fx_scrolling&quot;:&quot;yes&quot;,&quot;motion_fx_translateX_effect&quot;:&quot;yes&quot;,&quot;motion_fx_translateX_speed&quot;:{&quot;unit&quot;:&quot;px&quot;,&quot;size&quot;:4,&quot;sizes&quot;:[]},&quot;motion_fx_translateX_affectedRange&quot;:{&quot;unit&quot;:&quot;%&quot;,&quot;size&quot;:&quot;&quot;,&quot;sizes&quot;:{&quot;start&quot;:0,&quot;end&quot;:100}},&quot;motion_fx_devices&quot;:[&quot;desktop&quot;,&quot;tablet&quot;,&quot;mobile&quot;]}\" data-widget_type=\"image.default\">\n\t\t\t\t<div class=\"elementor-widget-container\">\n\t\t\t<style>\/*! elementor - v3.18.0 - 20-12-2023 *\/\n.elementor-widget-image{text-align:center}.elementor-widget-image a{display:inline-block}.elementor-widget-image a img[src$=\".svg\"]{width:48px}.elementor-widget-image img{vertical-align:middle;display:inline-block}<\/style>\t\t\t\t\t\t\t\t\t\t\t\t<img fetchpriority=\"high\" decoding=\"async\" width=\"486\" height=\"486\" src=\"https:\/\/morales.ec\/new\/wp-content\/uploads\/2024\/01\/if-28.png\" class=\"attachment-large size-large wp-image-277\" alt=\"\" srcset=\"https:\/\/morales.ec\/new\/wp-content\/uploads\/2024\/01\/if-28.png 486w, https:\/\/morales.ec\/new\/wp-content\/uploads\/2024\/01\/if-28-300x300.png 300w, https:\/\/morales.ec\/new\/wp-content\/uploads\/2024\/01\/if-28-150x150.png 150w\" sizes=\"(max-width: 486px) 100vw, 486px\" \/>\t\t\t\t\t\t\t\t\t\t\t\t\t\t\t<\/div>\n\t\t\t\t<\/div>\n\t\t\t\t<\/div>\n\t\t<div class=\"elementor-element elementor-element-93dba3b e-con-full e-flex e-con e-child\" data-id=\"93dba3b\" data-element_type=\"container\" data-settings=\"{&quot;content_width&quot;:&quot;full&quot;}\">\n\t\t\t\t<div class=\"elementor-element elementor-element-2b4b439 elementor-widget elementor-widget-text-editor\" data-id=\"2b4b439\" data-element_type=\"widget\" data-settings=\"{&quot;motion_fx_motion_fx_scrolling&quot;:&quot;yes&quot;,&quot;motion_fx_translateY_effect&quot;:&quot;yes&quot;,&quot;motion_fx_translateY_direction&quot;:&quot;negative&quot;,&quot;motion_fx_translateY_affectedRange&quot;:{&quot;unit&quot;:&quot;%&quot;,&quot;size&quot;:&quot;&quot;,&quot;sizes&quot;:{&quot;start&quot;:0,&quot;end&quot;:53}},&quot;motion_fx_blur_effect&quot;:&quot;yes&quot;,&quot;motion_fx_blur_level&quot;:{&quot;unit&quot;:&quot;px&quot;,&quot;size&quot;:2,&quot;sizes&quot;:[]},&quot;motion_fx_blur_range&quot;:{&quot;unit&quot;:&quot;%&quot;,&quot;size&quot;:&quot;&quot;,&quot;sizes&quot;:{&quot;start&quot;:0,&quot;end&quot;:53}},&quot;motion_fx_translateY_speed&quot;:{&quot;unit&quot;:&quot;px&quot;,&quot;size&quot;:4,&quot;sizes&quot;:[]},&quot;motion_fx_blur_direction&quot;:&quot;out-in&quot;,&quot;motion_fx_devices&quot;:[&quot;desktop&quot;,&quot;tablet&quot;,&quot;mobile&quot;]}\" data-widget_type=\"text-editor.default\">\n\t\t\t\t<div class=\"elementor-widget-container\">\n\t\t\t<style>\/*! elementor - v3.18.0 - 20-12-2023 *\/\n.elementor-widget-text-editor.elementor-drop-cap-view-stacked .elementor-drop-cap{background-color:#69727d;color:#fff}.elementor-widget-text-editor.elementor-drop-cap-view-framed .elementor-drop-cap{color:#69727d;border:3px solid;background-color:transparent}.elementor-widget-text-editor:not(.elementor-drop-cap-view-default) .elementor-drop-cap{margin-top:8px}.elementor-widget-text-editor:not(.elementor-drop-cap-view-default) .elementor-drop-cap-letter{width:1em;height:1em}.elementor-widget-text-editor .elementor-drop-cap{float:left;text-align:center;line-height:1;font-size:50px}.elementor-widget-text-editor .elementor-drop-cap-letter{display:inline-block}<\/style>\t\t\t\tAb. Mar\u00eda Jos\u00e9 Andrade  \t\t\t\t\t\t<\/div>\n\t\t\t\t<\/div>\n\t\t\t\t<div class=\"elementor-element elementor-element-e40ba0c elementor-widget elementor-widget-text-editor\" data-id=\"e40ba0c\" data-element_type=\"widget\" data-settings=\"{&quot;motion_fx_motion_fx_scrolling&quot;:&quot;yes&quot;,&quot;motion_fx_devices&quot;:[&quot;desktop&quot;,&quot;tablet&quot;,&quot;mobile&quot;]}\" data-widget_type=\"text-editor.default\">\n\t\t\t\t<div class=\"elementor-widget-container\">\n\t\t\t\t\t\t\t<p><span style=\"font-family: acumin-variable, sans-serif; font-style: normal;\"><strong>\u00c1reas de pr\u00e1ctica<\/strong>: derecho penal, derecho administrativo,<br \/>derecho constitucional, y an\u00e1lisis y gesti\u00f3n del riesgo pol\u00edtico. <\/span><\/p><p><strong>Perfil<\/strong>:<\/p><p>Abogada en derecho administrativo y<br \/>compliance.<\/p><p><strong>Idiomas<\/strong>:<\/p><p>espa\u00f1ol, ingl\u00e9s.<\/p>\t\t\t\t\t\t<\/div>\n\t\t\t\t<\/div>\n\t\t\t\t<\/div>\n\t\t\t\t\t<\/div>\n\t\t\t\t<\/div>\n\t\t<div class=\"elementor-element elementor-element-596d840 e-flex e-con-boxed e-con e-parent\" data-id=\"596d840\" data-element_type=\"container\" data-settings=\"{&quot;content_width&quot;:&quot;boxed&quot;}\" data-core-v316-plus=\"true\">\n\t\t\t\t\t<div class=\"e-con-inner\">\n\t\t\t\t<div class=\"elementor-element elementor-element-9c9568b elementor-widget elementor-widget-text-editor\" data-id=\"9c9568b\" data-element_type=\"widget\" data-widget_type=\"text-editor.default\">\n\t\t\t\t<div class=\"elementor-widget-container\">\n\t\t\t\t\t\t\tFormaci\u00f3n acad\u00e9mica y experiencia profesional:\n\t\t\t\t\t\t<\/div>\n\t\t\t\t<\/div>\n\t\t\t\t<div class=\"elementor-element elementor-element-5b020b1 elementor-widget elementor-widget-text-editor\" data-id=\"5b020b1\" data-element_type=\"widget\" data-settings=\"{&quot;motion_fx_motion_fx_scrolling&quot;:&quot;yes&quot;,&quot;motion_fx_devices&quot;:[&quot;desktop&quot;,&quot;tablet&quot;,&quot;mobile&quot;]}\" data-widget_type=\"text-editor.default\">\n\t\t\t\t<div class=\"elementor-widget-container\">\n\t\t\t\t\t\t\t<p>Mar\u00eda Jos\u00e9 se ha desempe\u00f1ado en distintas \u00e1reas especialmente en derecho de familia y m\u00e9todos alternativos de resoluci\u00f3n de conflictos.<\/p><p>Actualmente, Mar\u00eda Jos\u00e9 se encuentra realizando un diplomado en compliance y anticorrupci\u00f3n.<\/p>\t\t\t\t\t\t<\/div>\n\t\t\t\t<\/div>\n\t\t\t\t\t<\/div>\n\t\t\t\t<\/div>\n\t\t<div class=\"elementor-element elementor-element-b80deed e-flex e-con-boxed e-con e-parent\" data-id=\"b80deed\" data-element_type=\"container\" data-settings=\"{&quot;content_width&quot;:&quot;boxed&quot;}\" data-core-v316-plus=\"true\">\n\t\t\t\t\t<div class=\"e-con-inner\">\n\t\t<div class=\"elementor-element elementor-element-ee4f7ca e-con-full e-flex e-con e-child\" data-id=\"ee4f7ca\" data-element_type=\"container\" data-settings=\"{&quot;content_width&quot;:&quot;full&quot;}\">\n\t\t\t\t<div class=\"elementor-element elementor-element-dd1acc0 elementor-widget elementor-widget-text-editor\" data-id=\"dd1acc0\" data-element_type=\"widget\" data-widget_type=\"text-editor.default\">\n\t\t\t\t<div class=\"elementor-widget-container\">\n\t\t\t\t\t\t\tL\u00ednea de investigaci\u00f3n:\n\t\t\t\t\t\t<\/div>\n\t\t\t\t<\/div>\n\t\t\t\t<div class=\"elementor-element elementor-element-9c0efea elementor-widget elementor-widget-text-editor\" data-id=\"9c0efea\" data-element_type=\"widget\" data-settings=\"{&quot;motion_fx_motion_fx_scrolling&quot;:&quot;yes&quot;,&quot;motion_fx_devices&quot;:[&quot;desktop&quot;,&quot;tablet&quot;,&quot;mobile&quot;]}\" data-widget_type=\"text-editor.default\">\n\t\t\t\t<div class=\"elementor-widget-container\">\n\t\t\t\t\t\t\t<p><span style=\"font-family: acumin-variable, sans-serif; font-style: normal;\">Mar\u00eda Jos\u00e9 enfoca su investigaci\u00f3n en el derecho penal, compliance, y an\u00e1lisis y gesti\u00f3n del riesgo pol\u00edtico. <\/span><\/p>\t\t\t\t\t\t<\/div>\n\t\t\t\t<\/div>\n\t\t\t\t<div class=\"elementor-element elementor-element-2cd9ff2 elementor-widget elementor-widget-text-editor\" data-id=\"2cd9ff2\" data-element_type=\"widget\" data-widget_type=\"text-editor.default\">\n\t\t\t\t<div class=\"elementor-widget-container\">\n\t\t\t\t\t\t\tPublicaciones:\n\t\t\t\t\t\t<\/div>\n\t\t\t\t<\/div>\n\t\t\t\t<div class=\"elementor-element elementor-element-1622a88 elementor-widget elementor-widget-text-editor\" data-id=\"1622a88\" data-element_type=\"widget\" data-settings=\"{&quot;motion_fx_motion_fx_scrolling&quot;:&quot;yes&quot;,&quot;motion_fx_devices&quot;:[&quot;desktop&quot;,&quot;tablet&quot;,&quot;mobile&quot;]}\" data-widget_type=\"text-editor.default\">\n\t\t\t\t<div class=\"elementor-widget-container\">\n\t\t\t\t\t\t\t<ul><li><span style=\"font-family: acumin-variable, sans-serif; font-style: normal;\">Realiz\u00f3 una investigaci\u00f3n acerca del porte o tenencia en m\u00ednima escala de sustancias estupefacientes y psicotr\u00f3picas en Ecuador, Universidad San Francisco de Quito (2022).<br \/><\/span><\/li><li><span style=\"font-family: acumin-variable, sans-serif; font-style: normal;\">En la pr\u00e1ctica diaria Mar\u00eda Jos\u00e9 realiza investigaciones para corporaciones nacionales e internacionales sobre gesti\u00f3n de riesgo pol\u00edtico.<br \/><\/span><\/li><\/ul>\t\t\t\t\t\t<\/div>\n\t\t\t\t<\/div>\n\t\t\t\t<\/div>\n\t\t<div class=\"elementor-element elementor-element-0c1456b e-con-full e-flex e-con e-child\" data-id=\"0c1456b\" data-element_type=\"container\" data-settings=\"{&quot;content_width&quot;:&quot;full&quot;}\">\n\t\t\t\t<div class=\"elementor-element elementor-element-eb07882 elementor-widget elementor-widget-text-editor\" data-id=\"eb07882\" data-element_type=\"widget\" data-widget_type=\"text-editor.default\">\n\t\t\t\t<div class=\"elementor-widget-container\">\n\t\t\t\t\t\t\tReconocimientos:  \n\t\t\t\t\t\t<\/div>\n\t\t\t\t<\/div>\n\t\t\t\t<div class=\"elementor-element elementor-element-1a14d1c elementor-widget elementor-widget-text-editor\" data-id=\"1a14d1c\" data-element_type=\"widget\" data-settings=\"{&quot;motion_fx_motion_fx_scrolling&quot;:&quot;yes&quot;,&quot;motion_fx_devices&quot;:[&quot;desktop&quot;,&quot;tablet&quot;,&quot;mobile&quot;]}\" data-widget_type=\"text-editor.default\">\n\t\t\t\t<div class=\"elementor-widget-container\">\n\t\t\t\t\t\t\t<ul><li><span style=\"font-family: acumin-variable, sans-serif; font-style: normal;\">Especializaci\u00f3n en derecho penal por la Universidad San Francisco de Quito.<br \/><\/span><\/li><li><span style=\"font-family: acumin-variable, sans-serif; font-style: normal;\">Abogada por la Universidad San Francisco de Quito<\/span><\/li><\/ul>\t\t\t\t\t\t<\/div>\n\t\t\t\t<\/div>\n\t\t\t\t<\/div>\n\t\t\t\t\t<\/div>\n\t\t\t\t<\/div>\n\t\t<div class=\"elementor-element elementor-element-d0b6246 e-flex e-con-boxed e-con e-parent\" data-id=\"d0b6246\" data-element_type=\"container\" data-settings=\"{&quot;content_width&quot;:&quot;boxed&quot;}\" data-core-v316-plus=\"true\">\n\t\t\t\t\t<div class=\"e-con-inner\">\n\t\t\t\t<div class=\"elementor-element elementor-element-b5b6ac6 elementor-widget elementor-widget-text-editor\" data-id=\"b5b6ac6\" data-element_type=\"widget\" data-widget_type=\"text-editor.default\">\n\t\t\t\t<div class=\"elementor-widget-container\">\n\t\t\t\t\t\t\tContacto:\t\t\t\t\t\t<\/div>\n\t\t\t\t<\/div>\n\t\t\t\t<div class=\"elementor-element elementor-element-81d2e00 elementor-widget elementor-widget-text-editor\" data-id=\"81d2e00\" data-element_type=\"widget\" data-settings=\"{&quot;motion_fx_motion_fx_scrolling&quot;:&quot;yes&quot;,&quot;motion_fx_devices&quot;:[&quot;desktop&quot;,&quot;tablet&quot;,&quot;mobile&quot;]}\" data-widget_type=\"text-editor.default\">\n\t\t\t\t<div class=\"elementor-widget-container\">\n\t\t\t\t\t\t\t<span style=\"font-family: acumin-variable, sans-serif; font-style: normal;\">\nCorreo electr\u00f3nico: mandrade@morales.ec<br>\nTelf: +(593)2 246 0987 <\/span>\t\t\t\t\t\t<\/div>\n\t\t\t\t<\/div>\n\t\t\t\t\t<\/div>\n\t\t\t\t<\/div>\n\t\t\t\t\t\t\t<\/div>\n\t\t","protected":false},"excerpt":{"rendered":"<p>Ab. Mar\u00eda Jos\u00e9 Andrade \u00c1reas de pr\u00e1ctica: derecho penal, derecho administrativo,derecho constitucional, y an\u00e1lisis y gesti\u00f3n del riesgo pol\u00edtico. Perfil: Abogada en derecho administrativo ycompliance. Idiomas: espa\u00f1ol, ingl\u00e9s. Formaci\u00f3n acad\u00e9mica y experiencia profesional: Mar\u00eda Jos\u00e9 se ha desempe\u00f1ado en distintas \u00e1reas especialmente en derecho de familia y m\u00e9todos alternativos de resoluci\u00f3n de conflictos. Actualmente, Mar\u00eda [&hellip;]<\/p>\n","protected":false},"author":1,"featured_media":277,"parent":0,"menu_order":0,"comment_status":"closed","ping_status":"closed","template":"elementor_header_footer","meta":{"footnotes":""},"class_list":["post-911","page","type-page","status-publish","has-post-thumbnail","hentry"],"_links":{"self":[{"href":"https:\/\/morales.ec\/new\/wp-json\/wp\/v2\/pages\/911","targetHints":{"allow":["GET"]}}],"collection":[{"href":"https:\/\/morales.ec\/new\/wp-json\/wp\/v2\/pages"}],"about":[{"href":"https:\/\/morales.ec\/new\/wp-json\/wp\/v2\/types\/page"}],"author":[{"embeddable":true,"href":"https:\/\/morales.ec\/new\/wp-json\/wp\/v2\/users\/1"}],"replies":[{"embeddable":true,"href":"https:\/\/morales.ec\/new\/wp-json\/wp\/v2\/comments?post=911"}],"version-history":[{"count":1,"href":"https:\/\/morales.ec\/new\/wp-json\/wp\/v2\/pages\/911\/revisions"}],"predecessor-version":[{"id":914,"href":"https:\/\/morales.ec\/new\/wp-json\/wp\/v2\/pages\/911\/revisions\/914"}],"wp:featuredmedia":[{"embeddable":true,"href":"https:\/\/morales.ec\/new\/wp-json\/wp\/v2\/media\/277"}],"wp:attachment":[{"href":"https:\/\/morales.ec\/new\/wp-json\/wp\/v2\/media?parent=911"}],"curies":[{"name":"wp","href":"https:\/\/api.w.org\/{rel}","templated":true}]}}